{"id":9,"date":"2018-05-22T08:34:29","date_gmt":"2018-05-22T11:34:29","guid":{"rendered":"http:\/\/diariopolitico.com.br\/?page_id=9"},"modified":"2018-11-20T22:59:55","modified_gmt":"2018-11-21T01:59:55","slug":"sobre","status":"publish","type":"page","link":"https:\/\/diariopolitico.com.br\/arquivo\/?page_id=9","title":{"rendered":"Sobre"},"content":{"rendered":"<p>Eu sou <strong>Von\u00favio Praxedes<\/strong>, autor deste blog. Nasci em Boa Vista\/RR, mas fui criado em Cara\u00fabas\/RN. Desde crian\u00e7a sabia que queria trabalhar com informa\u00e7\u00e3o. Tenho experi\u00eancia em r\u00e1dio e TV. Atuo na internet desde 2009 com blogs pessoais e de not\u00edcias. Encaro esta miss\u00e3o de atualizar o &#8220;<i>Di\u00e1rio Pol\u00edtico &#8211; A verdade da informa\u00e7\u00e3o&#8221;<\/i> como mais um desafio.<\/p>\n<figure style=\"width: 300px\" class=\"wp-caption alignnone\"><img loading=\"lazy\" decoding=\"async\" class=\"wp-image-404 size-medium\" src=\"http:\/\/diariopolitico.com.br\/wp-content\/uploads\/2018\/11\/picsart_11-01-066262681287219374287.png\" width=\"300\" height=\"246\" srcset=\"https:\/\/diariopolitico.com.br\/arquivo\/wp-content\/uploads\/2018\/11\/picsart_11-01-066262681287219374287.png 1080w, https:\/\/diariopolitico.com.br\/arquivo\/wp-content\/uploads\/2018\/11\/picsart_11-01-066262681287219374287-300x246.png 300w, https:\/\/diariopolitico.com.br\/arquivo\/wp-content\/uploads\/2018\/11\/picsart_11-01-066262681287219374287-768x629.png 768w, https:\/\/diariopolitico.com.br\/arquivo\/wp-content\/uploads\/2018\/11\/picsart_11-01-066262681287219374287-1024x838.png 1024w, https:\/\/diariopolitico.com.br\/arquivo\/wp-content\/uploads\/2018\/11\/picsart_11-01-066262681287219374287-555x454.png 555w, https:\/\/diariopolitico.com.br\/arquivo\/wp-content\/uploads\/2018\/11\/picsart_11-01-066262681287219374287-600x491.png 600w\" sizes=\"auto, (max-width: 300px) 100vw, 300px\" \/><figcaption class=\"wp-caption-text\">Foto: Ranilson Silva\/TCM<\/figcaption><\/figure>\n<p>Comecei como locutor em 2008 na r\u00e1dio RPC Centen\u00e1rio de Cara\u00fabas e em 2012 fui contratado pela TCM telecom e r\u00e1dio TCM 95 FM.<\/p>\n<p>Atualmente sou rep\u00f3rter do jornalismo TCM; editor de Pol\u00edtica do Jornal da manh\u00e3 da 95 FM (6h15); tamb\u00e9m sou um dos apresentadores do Cen\u00e1rio Pol\u00edtico TCM que vai ao AR \u00e0s 19h25 de segunda a sexta.<\/p>\n<p>A ideia do blog \u00e9 fazer com que a minha din\u00e2mica do dia-a-dia e sobretudo contato com a informa\u00e7\u00e3o possa levar a not\u00edcia quente e precisa ao internauta.<\/p>\n<blockquote><p><strong>Gostou? Compartilha!<\/strong><\/p><\/blockquote>\n","protected":false},"excerpt":{"rendered":"<p>Eu sou Von\u00favio Praxedes, autor deste blog. Nasci em Boa Vista\/RR, mas fui criado em Cara\u00fabas\/RN. Desde crian\u00e7a sabia que queria trabalhar com informa\u00e7\u00e3o. Tenho experi\u00eancia em r\u00e1dio e TV. Atuo na internet desde 2009 com blogs pessoais e de not\u00edcias. Encaro esta miss\u00e3o de atualizar o &#8220;Di\u00e1rio Pol\u00edtico &#8211; A verdade da informa\u00e7\u00e3o&#8221; como &hellip; <\/p>\n<p class=\"link-more\"><a href=\"https:\/\/diariopolitico.com.br\/arquivo\/?page_id=9\" class=\"more-link\">Continue lendo<span class=\"screen-reader-text\"> &#8220;Sobre&#8221;<\/span><\/a><\/p>\n","protected":false},"author":1,"featured_media":6,"parent":0,"menu_order":0,"comment_status":"closed","ping_status":"closed","template":"","meta":{"jetpack_post_was_ever_published":false,"footnotes":""},"class_list":["post-9","page","type-page","status-publish","has-post-thumbnail","hentry"],"jetpack_sharing_enabled":true,"jetpack_shortlink":"https:\/\/wp.me\/P9Xjoc-9","jetpack-related-posts":[{"id":2,"url":"https:\/\/diariopolitico.com.br\/arquivo\/?page_id=2","url_meta":{"origin":9,"position":0},"title":"P\u00e1gina de exemplo","author":"Von\u00favio Praxedes","date":"22 22America\/Recife maio 22America\/Recife 2018","format":false,"excerpt":"Este \u00e9 o exemplo de uma p\u00e1gina. \u00c9 diferente de um post de blog porque \u00e9 est\u00e1tica e pode aparecer em menus de navega\u00e7\u00e3o (na maioria dos temas). A maioria das pessoas come\u00e7am com uma p\u00e1gina 'Sobre' que as apresenta aos potenciais visitantes do site. Voc\u00ea pode usar algo como:\u2026","rel":"","context":"Post similar","block_context":{"text":"Post similar","link":""},"img":{"alt_text":"","src":"","width":0,"height":0},"classes":[]},{"id":12,"url":"https:\/\/diariopolitico.com.br\/arquivo\/?page_id=12","url_meta":{"origin":9,"position":1},"title":"Uma se\u00e7\u00e3o de p\u00e1gina inicial","author":"Von\u00favio Praxedes","date":"22 22America\/Recife maio 22America\/Recife 2018","format":false,"excerpt":"Este \u00e9 um exemplo de se\u00e7\u00e3o de p\u00e1gina inicial. Se\u00e7\u00f5es de p\u00e1gina inicial podem ser qualquer outra p\u00e1gina que n\u00e3o a p\u00e1gina inicial em si, incluindo a p\u00e1gina que exibe seus \u00faltimos posts do blog.","rel":"","context":"Post similar","block_context":{"text":"Post similar","link":""},"img":{"alt_text":"","src":"https:\/\/i0.wp.com\/diariopolitico.com.br\/arquivo\/wp-content\/uploads\/2018\/05\/espresso.jpg?resize=350%2C200&ssl=1","width":350,"height":200,"srcset":"https:\/\/i0.wp.com\/diariopolitico.com.br\/arquivo\/wp-content\/uploads\/2018\/05\/espresso.jpg?resize=350%2C200&ssl=1 1x, https:\/\/i0.wp.com\/diariopolitico.com.br\/arquivo\/wp-content\/uploads\/2018\/05\/espresso.jpg?resize=525%2C300&ssl=1 1.5x, https:\/\/i0.wp.com\/diariopolitico.com.br\/arquivo\/wp-content\/uploads\/2018\/05\/espresso.jpg?resize=700%2C400&ssl=1 2x, https:\/\/i0.wp.com\/diariopolitico.com.br\/arquivo\/wp-content\/uploads\/2018\/05\/espresso.jpg?resize=1050%2C600&ssl=1 3x, https:\/\/i0.wp.com\/diariopolitico.com.br\/arquivo\/wp-content\/uploads\/2018\/05\/espresso.jpg?resize=1400%2C800&ssl=1 4x"},"classes":[]},{"id":11,"url":"https:\/\/diariopolitico.com.br\/arquivo\/?page_id=11","url_meta":{"origin":9,"position":2},"title":"Blog","author":"Von\u00favio Praxedes","date":"22 22America\/Recife maio 22America\/Recife 2018","format":false,"excerpt":"O\u00a0Di\u00e1rio Pol\u00edtico\u00a0surgiu com uma proposta de colocar online informa\u00e7\u00f5es que precisam ficar registradas por mais tempo. Sua forma de ser escrita \u00e9 objetiva, de f\u00e1cil entendimento. N\u00e3o temos bandeiras partid\u00e1rias ou apoio a qualquer grupo pol\u00edtico. Possamos entender que: \u201cJornalismo \u00e9 publicar aquilo que algu\u00e9m n\u00e3o quer que se publique.\u00a0Todo\u2026","rel":"","context":"Post similar","block_context":{"text":"Post similar","link":""},"img":{"alt_text":"","src":"https:\/\/i0.wp.com\/diariopolitico.com.br\/arquivo\/wp-content\/uploads\/2018\/05\/coffee.jpg?resize=350%2C200&ssl=1","width":350,"height":200,"srcset":"https:\/\/i0.wp.com\/diariopolitico.com.br\/arquivo\/wp-content\/uploads\/2018\/05\/coffee.jpg?resize=350%2C200&ssl=1 1x, https:\/\/i0.wp.com\/diariopolitico.com.br\/arquivo\/wp-content\/uploads\/2018\/05\/coffee.jpg?resize=525%2C300&ssl=1 1.5x, https:\/\/i0.wp.com\/diariopolitico.com.br\/arquivo\/wp-content\/uploads\/2018\/05\/coffee.jpg?resize=700%2C400&ssl=1 2x, https:\/\/i0.wp.com\/diariopolitico.com.br\/arquivo\/wp-content\/uploads\/2018\/05\/coffee.jpg?resize=1050%2C600&ssl=1 3x, https:\/\/i0.wp.com\/diariopolitico.com.br\/arquivo\/wp-content\/uploads\/2018\/05\/coffee.jpg?resize=1400%2C800&ssl=1 4x"},"classes":[]}],"_links":{"self":[{"href":"https:\/\/diariopolitico.com.br\/arquivo\/index.php?rest_route=\/wp\/v2\/pages\/9","targetHints":{"allow":["GET"]}}],"collection":[{"href":"https:\/\/diariopolitico.com.br\/arquivo\/index.php?rest_route=\/wp\/v2\/pages"}],"about":[{"href":"https:\/\/diariopolitico.com.br\/arquivo\/index.php?rest_route=\/wp\/v2\/types\/page"}],"author":[{"embeddable":true,"href":"https:\/\/diariopolitico.com.br\/arquivo\/index.php?rest_route=\/wp\/v2\/users\/1"}],"replies":[{"embeddable":true,"href":"https:\/\/diariopolitico.com.br\/arquivo\/index.php?rest_route=%2Fwp%2Fv2%2Fcomments&post=9"}],"version-history":[{"count":15,"href":"https:\/\/diariopolitico.com.br\/arquivo\/index.php?rest_route=\/wp\/v2\/pages\/9\/revisions"}],"predecessor-version":[{"id":650,"href":"https:\/\/diariopolitico.com.br\/arquivo\/index.php?rest_route=\/wp\/v2\/pages\/9\/revisions\/650"}],"wp:featuredmedia":[{"embeddable":true,"href":"https:\/\/diariopolitico.com.br\/arquivo\/index.php?rest_route=\/wp\/v2\/media\/6"}],"wp:attachment":[{"href":"https:\/\/diariopolitico.com.br\/arquivo\/index.php?rest_route=%2Fwp%2Fv2%2Fmedia&parent=9"}],"curies":[{"name":"wp","href":"https:\/\/api.w.org\/{rel}","templated":true}]}}